{"id":109,"date":"2022-03-30T17:06:39","date_gmt":"2022-03-30T15:06:39","guid":{"rendered":"http:\/\/dietetique-et-image-de-soi.com\/?page_id=109"},"modified":"2022-09-28T15:52:55","modified_gmt":"2022-09-28T13:52:55","slug":"les-prestations-du-conseil-en-image","status":"publish","type":"page","link":"https:\/\/dietetique-et-image-de-soi.com\/index.php\/les-prestations-du-conseil-en-image\/","title":{"rendered":"Les prestations du conseil en image"},"content":{"rendered":"\n<p><br><\/p>\n\n\n\n<div class=\"wp-block-media-text alignwide is-stacked-on-mobile has-background\" style=\"background:linear-gradient(135deg,rgb(216,212,140) 0%,rgb(255,200,0) 100%);grid-template-columns:27% auto\"><figure class=\"wp-block-media-text__media\"><img loading=\"lazy\" decoding=\"async\" width=\"1024\" height=\"1024\" src=\"https:\/\/dietetique-et-image-de-soi.com\/wp-content\/uploads\/2022\/04\/PCI1-1024x1024.jpg\" alt=\"\" class=\"wp-image-964 size-thumbnail\" srcset=\"https:\/\/dietetique-et-image-de-soi.com\/wp-content\/uploads\/2022\/04\/PCI1-1024x1024.jpg 1024w, https:\/\/dietetique-et-image-de-soi.com\/wp-content\/uploads\/2022\/04\/PCI1-300x300.jpg 300w, https:\/\/dietetique-et-image-de-soi.com\/wp-content\/uploads\/2022\/04\/PCI1-150x150.jpg 150w, https:\/\/dietetique-et-image-de-soi.com\/wp-content\/uploads\/2022\/04\/PCI1-768x768.jpg 768w, https:\/\/dietetique-et-image-de-soi.com\/wp-content\/uploads\/2022\/04\/PCI1-65x65.jpg 65w, https:\/\/dietetique-et-image-de-soi.com\/wp-content\/uploads\/2022\/04\/PCI1-160x159.jpg 160w, https:\/\/dietetique-et-image-de-soi.com\/wp-content\/uploads\/2022\/04\/PCI1.jpg 1080w\" sizes=\"auto, (max-width: 1024px) 100vw, 1024px\" \/><\/figure><div class=\"wp-block-media-text__content\">\n<p class=\"has-black-color has-text-color has-medium-font-size\"><strong><em>\u00ab\u00a0La beaut\u00e9 ext\u00e9rieure est la partie visible de la beaut\u00e9 int\u00e9rieure.\u00a0\u00bb<\/em> Paulo Coelho<\/strong><\/p>\n\n\n\n<p class=\"has-black-color has-text-color has-medium-font-size\"><strong>Le bilan d&rsquo;image<\/strong> : cet entretien de coaching approfondi va me permettre de vous connaitre et de comprendre vos attentes et vos besoins. A la fin de cet entretien, je vous proposerai un plan d\u2019action en fonction de votre personnalit\u00e9 et de vos objectifs.<\/p>\n<\/div><\/div>\n\n\n\n<div style=\"height:100px\" aria-hidden=\"true\" class=\"wp-block-spacer\"><\/div>\n\n\n\n<div class=\"wp-block-media-text alignwide has-media-on-the-right is-stacked-on-mobile is-vertically-aligned-center has-background\" style=\"background:linear-gradient(135deg,rgb(202,248,128) 0%,rgb(113,206,126) 66%);grid-template-columns:auto 34%\"><figure class=\"wp-block-media-text__media\"><img loading=\"lazy\" decoding=\"async\" width=\"1024\" height=\"1011\" src=\"https:\/\/dietetique-et-image-de-soi.com\/wp-content\/uploads\/2022\/04\/PCI2-1024x1011.jpg\" alt=\"\" class=\"wp-image-965 size-thumbnail\" srcset=\"https:\/\/dietetique-et-image-de-soi.com\/wp-content\/uploads\/2022\/04\/PCI2-1024x1011.jpg 1024w, https:\/\/dietetique-et-image-de-soi.com\/wp-content\/uploads\/2022\/04\/PCI2-300x296.jpg 300w, https:\/\/dietetique-et-image-de-soi.com\/wp-content\/uploads\/2022\/04\/PCI2-768x758.jpg 768w, https:\/\/dietetique-et-image-de-soi.com\/wp-content\/uploads\/2022\/04\/PCI2-1536x1516.jpg 1536w, https:\/\/dietetique-et-image-de-soi.com\/wp-content\/uploads\/2022\/04\/PCI2-2048x2021.jpg 2048w, https:\/\/dietetique-et-image-de-soi.com\/wp-content\/uploads\/2022\/04\/PCI2-65x65.jpg 65w, https:\/\/dietetique-et-image-de-soi.com\/wp-content\/uploads\/2022\/04\/PCI2-160x159.jpg 160w\" sizes=\"auto, (max-width: 1024px) 100vw, 1024px\" \/><\/figure><div class=\"wp-block-media-text__content\">\n<p class=\"has-black-color has-text-color has-medium-font-size\"> <strong><em>\u00ab La plus belle couleur au monde c\u2019est celle qui vous v<\/em>a <\/strong><em><strong>bien<\/strong>.\u00a0\u00bb<\/em> <strong>Coco Chanel<\/strong><\/p>\n\n\n\n<p class=\"has-black-color has-text-color has-medium-font-size\"><strong>L&rsquo;\u00e9tude colorim\u00e9trique<\/strong> d\u00e9termine par la m\u00e9thode Color Pr\u00e9cision (drapping),  les couleurs \u00e0 porter sur le haut du corps qui valorisent votre visage. Elle impactera \u00e9galement le choix des couleurs de votre maquillage, des cheveux et accessoires.<\/p>\n<\/div><\/div>\n\n\n\n<div class=\"wp-block-group alignwide\"><div class=\"wp-block-group__inner-container is-layout-flow wp-block-group-is-layout-flow\">\n<div class=\"wp-block-media-text alignwide is-stacked-on-mobile is-image-fill has-background\" style=\"background:linear-gradient(229deg,rgb(252,185,0) 30%,rgb(255,105,0) 100%);grid-template-columns:40% auto\"><figure class=\"wp-block-media-text__media\" style=\"background-image:url(https:\/\/dietetique-et-image-de-soi.com\/wp-content\/uploads\/2022\/04\/colorimetrie-2-1024x898.png);background-position:50% 50%\"><img loading=\"lazy\" decoding=\"async\" width=\"1024\" height=\"898\" src=\"https:\/\/dietetique-et-image-de-soi.com\/wp-content\/uploads\/2022\/04\/colorimetrie-2-1024x898.png\" alt=\"\" class=\"wp-image-439 size-large\" srcset=\"https:\/\/dietetique-et-image-de-soi.com\/wp-content\/uploads\/2022\/04\/colorimetrie-2-1024x898.png 1024w, https:\/\/dietetique-et-image-de-soi.com\/wp-content\/uploads\/2022\/04\/colorimetrie-2-300x263.png 300w, https:\/\/dietetique-et-image-de-soi.com\/wp-content\/uploads\/2022\/04\/colorimetrie-2-768x673.png 768w, https:\/\/dietetique-et-image-de-soi.com\/wp-content\/uploads\/2022\/04\/colorimetrie-2-1536x1347.png 1536w, https:\/\/dietetique-et-image-de-soi.com\/wp-content\/uploads\/2022\/04\/colorimetrie-2.png 1711w\" sizes=\"auto, (max-width: 1024px) 100vw, 1024px\" \/><\/figure><div class=\"wp-block-media-text__content\">\n<p class=\"has-black-color has-text-color has-medium-font-size\"><strong>La symbolique des couleurs<\/strong> met en lumi\u00e8re les couleurs \u00e0 choisir en fonction de vos \u00e9motions, de vos valeurs, de votre personnalit\u00e9, de vos objectifs. Vous saurez quelles sont les <strong>harmonies<\/strong> \u00e0 privil\u00e9gier en fonction de vos go\u00fbts et de ce que vous souhaitez d\u00e9gager.<\/p>\n<\/div><\/div>\n<\/div><\/div>\n\n\n\n<div style=\"height:100px\" aria-hidden=\"true\" class=\"wp-block-spacer\"><\/div>\n\n\n\n<div class=\"wp-block-media-text alignwide has-media-on-the-right is-stacked-on-mobile has-blush-light-purple-gradient-background has-background\" style=\"grid-template-columns:auto 34%\"><figure class=\"wp-block-media-text__media\"><img loading=\"lazy\" decoding=\"async\" width=\"1024\" height=\"1024\" src=\"https:\/\/dietetique-et-image-de-soi.com\/wp-content\/uploads\/2022\/04\/PCI4-1024x1024.jpg\" alt=\"\" class=\"wp-image-966 size-thumbnail\" srcset=\"https:\/\/dietetique-et-image-de-soi.com\/wp-content\/uploads\/2022\/04\/PCI4.jpg 1024w, https:\/\/dietetique-et-image-de-soi.com\/wp-content\/uploads\/2022\/04\/PCI4-300x300.jpg 300w, https:\/\/dietetique-et-image-de-soi.com\/wp-content\/uploads\/2022\/04\/PCI4-150x150.jpg 150w, https:\/\/dietetique-et-image-de-soi.com\/wp-content\/uploads\/2022\/04\/PCI4-768x768.jpg 768w, https:\/\/dietetique-et-image-de-soi.com\/wp-content\/uploads\/2022\/04\/PCI4-65x65.jpg 65w, https:\/\/dietetique-et-image-de-soi.com\/wp-content\/uploads\/2022\/04\/PCI4-160x159.jpg 160w\" sizes=\"auto, (max-width: 1024px) 100vw, 1024px\" \/><\/figure><div class=\"wp-block-media-text__content\">\n<p class=\"has-black-color has-text-color has-medium-font-size\"><em><strong>\u00ab\u00a0Prendre du temps pour soi, c&rsquo;est s&rsquo;accorder de l&rsquo;importance<\/strong>.\u00a0\u00bb<\/em><\/p>\n\n\n\n<p class=\"has-black-color has-text-color has-medium-font-size\"><strong>La<\/strong> <strong>cosm\u00e9tologie et le maquillage<\/strong> : cette prestation d\u00e9finit votre type et \u00e9tat de peau pour adapter une routine cosm\u00e9tique et maquillage en fonction de celle-ci. L\u2019auto maquillage vous apprendra les bons gestes simples et rapides pour mettre en lumi\u00e8re votre visage au quotidien. Je vous donnerai des conseils en fonction de votre trousse de produits cosm\u00e9tiques et vous guiderai sur l&rsquo;achat de produits manquants.<\/p>\n<\/div><\/div>\n\n\n\n<div style=\"height:100px\" aria-hidden=\"true\" class=\"wp-block-spacer\"><\/div>\n\n\n\n<div class=\"wp-block-media-text alignwide is-stacked-on-mobile has-background\" style=\"background:linear-gradient(135deg,rgb(255,166,239) 0%,rgb(225,105,215) 50%,rgb(231,3,144) 86%);grid-template-columns:28% auto\"><figure class=\"wp-block-media-text__media\"><img loading=\"lazy\" decoding=\"async\" width=\"826\" height=\"1024\" src=\"https:\/\/dietetique-et-image-de-soi.com\/wp-content\/uploads\/2022\/04\/PCI5-826x1024.jpg\" alt=\"\" class=\"wp-image-967 size-full\" srcset=\"https:\/\/dietetique-et-image-de-soi.com\/wp-content\/uploads\/2022\/04\/PCI5-826x1024.jpg 826w, https:\/\/dietetique-et-image-de-soi.com\/wp-content\/uploads\/2022\/04\/PCI5-242x300.jpg 242w, https:\/\/dietetique-et-image-de-soi.com\/wp-content\/uploads\/2022\/04\/PCI5-768x952.jpg 768w, https:\/\/dietetique-et-image-de-soi.com\/wp-content\/uploads\/2022\/04\/PCI5-1239x1536.jpg 1239w, https:\/\/dietetique-et-image-de-soi.com\/wp-content\/uploads\/2022\/04\/PCI5-1652x2048.jpg 1652w\" sizes=\"auto, (max-width: 826px) 100vw, 826px\" \/><\/figure><div class=\"wp-block-media-text__content\">\n<p class=\"has-black-color has-text-color has-medium-font-size\"><strong><em>\u00ab\u00a0Une femme qui change de coupe de cheveux est une femme qui s&rsquo;appr\u00eate \u00e0 changer de vie.\u00a0\u00bb<\/em> Coco Chanel<\/strong><\/p>\n\n\n\n<p class=\"has-black-color has-text-color has-medium-font-size\"><strong>Morphologie visage\/conseils coupes et couleurs de<\/strong> <strong>cheveux<\/strong> : En fonction de votre morphologie visage, de ce que vous souhaitez valoriser et d\u00e9gager, de votre colorim\u00e9trie, je vous donnerai des conseils coupes et couleurs qui vous mettront en valeur. Je vous guiderai dans le choix des produits \u00e0 adopter en fonction de votre cuir chevelu et de la nature de vos cheveux. <\/p>\n\n\n\n<p class=\"has-black-color has-text-color has-medium-font-size\">Pour les femmes en chimioth\u00e9rapie, je vous donnerai des techniques de nouages de foulards en fonction de votre morphologie visage et vous aiguillerai sur le choix de la coupe et la couleur d\u2019une perruque.<\/p>\n<\/div><\/div>\n\n\n\n<div style=\"height:100px\" aria-hidden=\"true\" class=\"wp-block-spacer\"><\/div>\n\n\n\n<div class=\"wp-block-media-text alignwide has-media-on-the-right is-stacked-on-mobile has-background\" style=\"background:linear-gradient(135deg,rgb(255,105,0) 14%,rgba(209,48,48,0.49) 80%);grid-template-columns:auto 32%\"><figure class=\"wp-block-media-text__media\"><img loading=\"lazy\" decoding=\"async\" width=\"800\" height=\"870\" src=\"https:\/\/dietetique-et-image-de-soi.com\/wp-content\/uploads\/2022\/04\/PCI6.jpg\" alt=\"\" class=\"wp-image-968 size-full\" srcset=\"https:\/\/dietetique-et-image-de-soi.com\/wp-content\/uploads\/2022\/04\/PCI6.jpg 800w, https:\/\/dietetique-et-image-de-soi.com\/wp-content\/uploads\/2022\/04\/PCI6-276x300.jpg 276w, https:\/\/dietetique-et-image-de-soi.com\/wp-content\/uploads\/2022\/04\/PCI6-768x835.jpg 768w\" sizes=\"auto, (max-width: 800px) 100vw, 800px\" \/><\/figure><div class=\"wp-block-media-text__content\">\n<p class=\"has-black-color has-text-color has-medium-font-size\"><strong><em>\u00ab\u00a0La mode se d\u00e9mode, le style jamais.\u00a0\u00bb<\/em> Coco Chanel<\/strong><\/p>\n\n\n\n<p class=\"has-black-color has-text-color has-medium-font-size\"><strong>Le morpho-style <\/strong>: Apr\u00e8s l\u2019analyse de votre morphologie et silhouette, vous d\u00e9couvrirez les couleurs, les encolures, les mati\u00e8res et tissus, les coupes, les imprim\u00e9s, accessoires \u00e0 privil\u00e9gier pour optimiser votre image. Vous saurez mettre vos atouts en valeur et apprendrez \u00e0 dissimuler vos zones sensibles. Nous analyserons votre style actuel et celui souhait\u00e9.<\/p>\n<\/div><\/div>\n\n\n\n<div style=\"height:100px\" aria-hidden=\"true\" class=\"wp-block-spacer\"><\/div>\n\n\n\n<div class=\"wp-block-media-text alignwide is-stacked-on-mobile has-background\" style=\"background:linear-gradient(90deg,rgb(255,203,112) 8%,rgb(210,142,46) 99%,rgb(199,158,82) 100%);grid-template-columns:48% auto\"><figure class=\"wp-block-media-text__media\"><img loading=\"lazy\" decoding=\"async\" width=\"556\" height=\"371\" src=\"https:\/\/dietetique-et-image-de-soi.com\/wp-content\/uploads\/2022\/04\/PCI7.jpg\" alt=\"\" class=\"wp-image-969 size-full\" srcset=\"https:\/\/dietetique-et-image-de-soi.com\/wp-content\/uploads\/2022\/04\/PCI7.jpg 556w, https:\/\/dietetique-et-image-de-soi.com\/wp-content\/uploads\/2022\/04\/PCI7-300x200.jpg 300w\" sizes=\"auto, (max-width: 556px) 100vw, 556px\" \/><\/figure><div class=\"wp-block-media-text__content\">\n<p class=\"has-black-color has-text-color has-medium-font-size\"><em> <strong>\u00ab\u00a0Un bon v\u00eatement est un passeport pour le bonheur.\u00a0\u00bb <\/strong><\/em><strong>Yves Saint Laurent<\/strong><\/p>\n\n\n\n<p class=\"has-black-color has-text-color has-medium-font-size\"><strong>Le tri du dressing<\/strong> : un moment consacr\u00e9 \u00e0 d\u00e9couvrir les pi\u00e8ces de votre dressing qui correspondent \u00e0 votre morphologie, votre colorim\u00e9trie et vos objectifs. Je vous propose de mettre en application les conseils donn\u00e9s lors de la prestation \u00ab&nbsp;morpho-style&nbsp;\u00bb pour cr\u00e9er de nouveaux looks avec les pi\u00e8ces que vous avez d\u00e9j\u00e0. Nous ferons le point sur les basics \u00e0 avoir dans votre dressing et les pi\u00e8ces manquantes.<\/p>\n<\/div><\/div>\n\n\n\n<div style=\"height:100px\" aria-hidden=\"true\" class=\"wp-block-spacer\"><\/div>\n\n\n\n<div class=\"wp-block-media-text alignwide has-media-on-the-right is-stacked-on-mobile has-background\" style=\"background-color:#92c5e5;grid-template-columns:auto 38%\"><figure class=\"wp-block-media-text__media\"><img loading=\"lazy\" decoding=\"async\" width=\"550\" height=\"367\" src=\"https:\/\/dietetique-et-image-de-soi.com\/wp-content\/uploads\/2022\/04\/PCI8.jpg\" alt=\"\" class=\"wp-image-970 size-full\" srcset=\"https:\/\/dietetique-et-image-de-soi.com\/wp-content\/uploads\/2022\/04\/PCI8.jpg 550w, https:\/\/dietetique-et-image-de-soi.com\/wp-content\/uploads\/2022\/04\/PCI8-300x200.jpg 300w\" sizes=\"auto, (max-width: 550px) 100vw, 550px\" \/><\/figure><div class=\"wp-block-media-text__content\">\n<p class=\"has-black-color has-text-color has-medium-font-size\"><em><strong>\u00ab\u00a0La mode n&rsquo;est ni morale, ni amorale, mais elle est faite pour remonter le moral.\u00a0\u00bb<\/strong> <\/em><strong>Karl Lagerfeld<\/strong><\/p>\n\n\n\n<p class=\"has-black-color has-text-color has-medium-font-size\"><strong>L\u2019accompagnement shopping <\/strong>: Je vous accompagnerai en boutiques pour vous donner des conseils d\u2019achats personnalis\u00e9s en fonction de votre silhouette, vos go\u00fbts, vos objectifs, votre colorim\u00e9trie et des pi\u00e8ces manquantes de votre dressing.<\/p>\n<\/div><\/div>\n","protected":false},"excerpt":{"rendered":"<p>\u00ab\u00a0La beaut\u00e9 ext\u00e9rieure est la partie visible de la beaut\u00e9 int\u00e9rieure.\u00a0\u00bb Paulo Coelho Le bilan d&rsquo;image : cet entretien de coaching approfondi va me permettre de vous connaitre et de comprendre vos attentes et vos besoins. A la fin de cet entretien, je vous proposerai un plan d\u2019action en fonction de votre personnalit\u00e9 et de &hellip; <\/p>\n","protected":false},"author":1,"featured_media":0,"parent":0,"menu_order":0,"comment_status":"closed","ping_status":"closed","template":"","meta":{"footnotes":""},"class_list":["post-109","page","type-page","status-publish","hentry"],"_links":{"self":[{"href":"https:\/\/dietetique-et-image-de-soi.com\/index.php\/wp-json\/wp\/v2\/pages\/109","targetHints":{"allow":["GET"]}}],"collection":[{"href":"https:\/\/dietetique-et-image-de-soi.com\/index.php\/wp-json\/wp\/v2\/pages"}],"about":[{"href":"https:\/\/dietetique-et-image-de-soi.com\/index.php\/wp-json\/wp\/v2\/types\/page"}],"author":[{"embeddable":true,"href":"https:\/\/dietetique-et-image-de-soi.com\/index.php\/wp-json\/wp\/v2\/users\/1"}],"replies":[{"embeddable":true,"href":"https:\/\/dietetique-et-image-de-soi.com\/index.php\/wp-json\/wp\/v2\/comments?post=109"}],"version-history":[{"count":110,"href":"https:\/\/dietetique-et-image-de-soi.com\/index.php\/wp-json\/wp\/v2\/pages\/109\/revisions"}],"predecessor-version":[{"id":1678,"href":"https:\/\/dietetique-et-image-de-soi.com\/index.php\/wp-json\/wp\/v2\/pages\/109\/revisions\/1678"}],"wp:attachment":[{"href":"https:\/\/dietetique-et-image-de-soi.com\/index.php\/wp-json\/wp\/v2\/media?parent=109"}],"curies":[{"name":"wp","href":"https:\/\/api.w.org\/{rel}","templated":true}]}}